{"id":1610,"date":"2023-07-31T13:44:57","date_gmt":"2023-07-31T11:44:57","guid":{"rendered":"https:\/\/filharmonia.rzeszow.pl\/en\/?post_type=product&#038;p=1610"},"modified":"2024-01-16T14:38:52","modified_gmt":"2024-01-16T13:38:52","slug":"boom-walc-czardasz-a-moze-koncert-karnawalowy","status":"publish","type":"product","link":"https:\/\/filharmonia.rzeszow.pl\/en\/produkt\/boom-walc-czardasz-a-moze-koncert-karnawalowy\/","title":{"rendered":"Walc? Czardasz?&#8230;a mo\u017ce..? &#8211; koncert karnawa\u0142owy"},"content":{"rendered":"","protected":false},"excerpt":{"rendered":"<p data-swp-font-size=\"16px\"><strong><u>27th January 2024, Staurday, at 18:00<br \/>\n<\/u><\/strong>concert hall<\/p>\n<p data-swp-font-size=\"16px\"><strong>ORKIESTRA SYMFONICZNA FILHARMONII PODKARPACKIEJ<br \/>\n<\/strong><strong>BOGUS\u0141AW NOWAK \u2013 <\/strong>artistic director<strong><br \/>\n<\/strong><strong>TOMASZ TOKARCZYK \u2013 <\/strong>conductor \/ musical director<\/p>\n<p><strong>KATARZYNA OLE\u015a BLACHA \u2013 <\/strong>soprano<strong><br \/>\nMONIKA KORYBALSKA<\/strong> &#8211; mezzo- soprano<br \/>\n<strong>\u0141UKASZ ZA\u0141\u0118SKI &#8211; <\/strong>tenor<strong><br \/>\nADAM SZERSZE\u0143 \u2013<\/strong> baritone<\/p>\n<p><strong>WIOLETTA MACIEJEWSKA \u2013 <\/strong>dancing consultations<strong><br \/>\nDARIUSZ PAWELEC \u2013 <\/strong>state lighting<\/p>\n<p>Program:<br \/>\nJ. Strauss, J. Brahms, F. Lehar, E. Kalman, G. Verdi<\/p>\n<p>&nbsp;<\/p>\n<p><strong>\u00a0<\/strong><\/p>\n","protected":false},"featured_media":1604,"template":"","meta":[],"product_brand":[],"product_cat":[859,860,17],"product_tag":[],"class_list":{"0":"post-1610","1":"product","2":"type-product","3":"status-publish","4":"has-post-thumbnail","6":"product_cat-2024-archiwum","7":"product_cat-january-2024-archiwum","8":"product_cat-archiwum","10":"entry","11":"has-media","13":"first","14":"instock","15":"shipping-taxable","16":"product-type-simple","17":"has-product-nav","18":"col","19":"span_1_of_3","20":"owp-content-center","21":"owp-thumbs-layout-horizontal","22":"owp-btn-normal","23":"owp-tabs-layout-horizontal"},"yoast_head":"<!-- This site is optimized with the Yoast SEO plugin v27.1.1 - https:\/\/yoast.com\/product\/yoast-seo-wordpress\/ -->\n<title>Walc? Czardasz?...a mo\u017ce..? - koncert karnawa\u0142owy - Filharmonia Podkarpacka - English<\/title>\n<meta name=\"robots\" content=\"index, follow, max-snippet:-1, max-image-preview:large, max-video-preview:-1\" \/>\n<link rel=\"canonical\" href=\"https:\/\/filharmonia.rzeszow.pl\/en\/produkt\/boom-walc-czardasz-a-moze-koncert-karnawalowy\/\" \/>\n<meta property=\"og:locale\" content=\"en_US\" \/>\n<meta property=\"og:type\" content=\"article\" \/>\n<meta property=\"og:title\" content=\"Walc? Czardasz?...a mo\u017ce..? - koncert karnawa\u0142owy - Filharmonia Podkarpacka - English\" \/>\n<meta property=\"og:description\" content=\"27th January 2024, Staurday, at 18:00 concert hall ORKIESTRA SYMFONICZNA FILHARMONII PODKARPACKIEJ BOGUS\u0141AW NOWAK \u2013 artistic director TOMASZ TOKARCZYK \u2013 conductor \/ musical director KATARZYNA OLE\u015a BLACHA \u2013 soprano MONIKA KORYBALSKA - mezzo- soprano \u0141UKASZ ZA\u0141\u0118SKI - tenor ADAM SZERSZE\u0143 \u2013 baritone  WIOLETTA MACIEJEWSKA \u2013 dancing consultations DARIUSZ PAWELEC \u2013 state lighting  Program: J. Strauss, J. Brahms, F. Lehar, E. Kalman, G. Verdi  &nbsp;  \u00a0\" \/>\n<meta property=\"og:url\" content=\"https:\/\/filharmonia.rzeszow.pl\/en\/produkt\/boom-walc-czardasz-a-moze-koncert-karnawalowy\/\" \/>\n<meta property=\"og:site_name\" content=\"Filharmonia Podkarpacka - English\" \/>\n<meta property=\"article:modified_time\" content=\"2024-01-16T13:38:52+00:00\" \/>\n<meta property=\"og:image\" content=\"https:\/\/filharmonia.rzeszow.pl\/en\/wp-content\/uploads\/sites\/2\/2023\/07\/Tomasz-Tokarczyk.-Fot.-Dariusz-Pawelec-scaled.jpg\" \/>\n\t<meta property=\"og:image:width\" content=\"2560\" \/>\n\t<meta property=\"og:image:height\" content=\"1668\" \/>\n\t<meta property=\"og:image:type\" content=\"image\/jpeg\" \/>\n<meta name=\"twitter:card\" content=\"summary_large_image\" \/>\n<script type=\"application\/ld+json\" class=\"yoast-schema-graph\">{\"@context\":\"https:\/\/schema.org\",\"@graph\":[{\"@type\":\"WebPage\",\"@id\":\"https:\/\/filharmonia.rzeszow.pl\/en\/produkt\/boom-walc-czardasz-a-moze-koncert-karnawalowy\/\",\"url\":\"https:\/\/filharmonia.rzeszow.pl\/en\/produkt\/boom-walc-czardasz-a-moze-koncert-karnawalowy\/\",\"name\":\"Walc? Czardasz?...a mo\u017ce..? - koncert karnawa\u0142owy - Filharmonia Podkarpacka - English\",\"isPartOf\":{\"@id\":\"https:\/\/filharmonia.rzeszow.pl\/en\/#website\"},\"primaryImageOfPage\":{\"@id\":\"https:\/\/filharmonia.rzeszow.pl\/en\/produkt\/boom-walc-czardasz-a-moze-koncert-karnawalowy\/#primaryimage\"},\"image\":{\"@id\":\"https:\/\/filharmonia.rzeszow.pl\/en\/produkt\/boom-walc-czardasz-a-moze-koncert-karnawalowy\/#primaryimage\"},\"thumbnailUrl\":\"https:\/\/filharmonia.rzeszow.pl\/en\/wp-content\/uploads\/sites\/2\/2023\/07\/Tomasz-Tokarczyk.-Fot.-Dariusz-Pawelec-scaled.jpg\",\"datePublished\":\"2023-07-31T11:44:57+00:00\",\"dateModified\":\"2024-01-16T13:38:52+00:00\",\"breadcrumb\":{\"@id\":\"https:\/\/filharmonia.rzeszow.pl\/en\/produkt\/boom-walc-czardasz-a-moze-koncert-karnawalowy\/#breadcrumb\"},\"inLanguage\":\"en-US\",\"potentialAction\":[{\"@type\":\"ReadAction\",\"target\":[\"https:\/\/filharmonia.rzeszow.pl\/en\/produkt\/boom-walc-czardasz-a-moze-koncert-karnawalowy\/\"]}]},{\"@type\":\"ImageObject\",\"inLanguage\":\"en-US\",\"@id\":\"https:\/\/filharmonia.rzeszow.pl\/en\/produkt\/boom-walc-czardasz-a-moze-koncert-karnawalowy\/#primaryimage\",\"url\":\"https:\/\/filharmonia.rzeszow.pl\/en\/wp-content\/uploads\/sites\/2\/2023\/07\/Tomasz-Tokarczyk.-Fot.-Dariusz-Pawelec-scaled.jpg\",\"contentUrl\":\"https:\/\/filharmonia.rzeszow.pl\/en\/wp-content\/uploads\/sites\/2\/2023\/07\/Tomasz-Tokarczyk.-Fot.-Dariusz-Pawelec-scaled.jpg\",\"width\":2560,\"height\":1668,\"caption\":\"Tomasz Tokarczyk dyrygent\"},{\"@type\":\"BreadcrumbList\",\"@id\":\"https:\/\/filharmonia.rzeszow.pl\/en\/produkt\/boom-walc-czardasz-a-moze-koncert-karnawalowy\/#breadcrumb\",\"itemListElement\":[{\"@type\":\"ListItem\",\"position\":1,\"name\":\"Strona g\u0142\u00f3wna\",\"item\":\"https:\/\/filharmonia.rzeszow.pl\/en\/\"},{\"@type\":\"ListItem\",\"position\":2,\"name\":\"Sklep\",\"item\":\"https:\/\/filharmonia.rzeszow.pl\/en\/sklep\/\"},{\"@type\":\"ListItem\",\"position\":3,\"name\":\"Walc? Czardasz?&#8230;a mo\u017ce..? &#8211; koncert karnawa\u0142owy\"}]},{\"@type\":\"WebSite\",\"@id\":\"https:\/\/filharmonia.rzeszow.pl\/en\/#website\",\"url\":\"https:\/\/filharmonia.rzeszow.pl\/en\/\",\"name\":\"Filharmonia Podkarpacka - English\",\"description\":\"Kolejna witryna sieci &#8222;Filharmonia Podkarpacka &#8221;\",\"publisher\":{\"@id\":\"https:\/\/filharmonia.rzeszow.pl\/en\/#organization\"},\"potentialAction\":[{\"@type\":\"SearchAction\",\"target\":{\"@type\":\"EntryPoint\",\"urlTemplate\":\"https:\/\/filharmonia.rzeszow.pl\/en\/?s={search_term_string}\"},\"query-input\":{\"@type\":\"PropertyValueSpecification\",\"valueRequired\":true,\"valueName\":\"search_term_string\"}}],\"inLanguage\":\"en-US\"},{\"@type\":\"Organization\",\"@id\":\"https:\/\/filharmonia.rzeszow.pl\/en\/#organization\",\"name\":\"Filharmonia Podkarpacka - English\",\"url\":\"https:\/\/filharmonia.rzeszow.pl\/en\/\",\"logo\":{\"@type\":\"ImageObject\",\"inLanguage\":\"en-US\",\"@id\":\"https:\/\/filharmonia.rzeszow.pl\/en\/#\/schema\/logo\/image\/\",\"url\":\"https:\/\/filharmonia.rzeszow.pl\/en\/wp-content\/uploads\/sites\/2\/2022\/02\/Obszar-roboczy-2@3x.png\",\"contentUrl\":\"https:\/\/filharmonia.rzeszow.pl\/en\/wp-content\/uploads\/sites\/2\/2022\/02\/Obszar-roboczy-2@3x.png\",\"width\":2721,\"height\":1527,\"caption\":\"Filharmonia Podkarpacka - English\"},\"image\":{\"@id\":\"https:\/\/filharmonia.rzeszow.pl\/en\/#\/schema\/logo\/image\/\"}}]}<\/script>\n<!-- \/ Yoast SEO plugin. -->","yoast_head_json":{"title":"Walc? Czardasz?...a mo\u017ce..? - koncert karnawa\u0142owy - Filharmonia Podkarpacka - English","robots":{"index":"index","follow":"follow","max-snippet":"max-snippet:-1","max-image-preview":"max-image-preview:large","max-video-preview":"max-video-preview:-1"},"canonical":"https:\/\/filharmonia.rzeszow.pl\/en\/produkt\/boom-walc-czardasz-a-moze-koncert-karnawalowy\/","og_locale":"en_US","og_type":"article","og_title":"Walc? Czardasz?...a mo\u017ce..? - koncert karnawa\u0142owy - Filharmonia Podkarpacka - English","og_description":"27th January 2024, Staurday, at 18:00 concert hall ORKIESTRA SYMFONICZNA FILHARMONII PODKARPACKIEJ BOGUS\u0141AW NOWAK \u2013 artistic director TOMASZ TOKARCZYK \u2013 conductor \/ musical director KATARZYNA OLE\u015a BLACHA \u2013 soprano MONIKA KORYBALSKA - mezzo- soprano \u0141UKASZ ZA\u0141\u0118SKI - tenor ADAM SZERSZE\u0143 \u2013 baritone  WIOLETTA MACIEJEWSKA \u2013 dancing consultations DARIUSZ PAWELEC \u2013 state lighting  Program: J. Strauss, J. Brahms, F. Lehar, E. Kalman, G. Verdi  &nbsp;  \u00a0","og_url":"https:\/\/filharmonia.rzeszow.pl\/en\/produkt\/boom-walc-czardasz-a-moze-koncert-karnawalowy\/","og_site_name":"Filharmonia Podkarpacka - English","article_modified_time":"2024-01-16T13:38:52+00:00","og_image":[{"width":2560,"height":1668,"url":"https:\/\/filharmonia.rzeszow.pl\/en\/wp-content\/uploads\/sites\/2\/2023\/07\/Tomasz-Tokarczyk.-Fot.-Dariusz-Pawelec-scaled.jpg","type":"image\/jpeg"}],"twitter_card":"summary_large_image","schema":{"@context":"https:\/\/schema.org","@graph":[{"@type":"WebPage","@id":"https:\/\/filharmonia.rzeszow.pl\/en\/produkt\/boom-walc-czardasz-a-moze-koncert-karnawalowy\/","url":"https:\/\/filharmonia.rzeszow.pl\/en\/produkt\/boom-walc-czardasz-a-moze-koncert-karnawalowy\/","name":"Walc? Czardasz?...a mo\u017ce..? - koncert karnawa\u0142owy - Filharmonia Podkarpacka - English","isPartOf":{"@id":"https:\/\/filharmonia.rzeszow.pl\/en\/#website"},"primaryImageOfPage":{"@id":"https:\/\/filharmonia.rzeszow.pl\/en\/produkt\/boom-walc-czardasz-a-moze-koncert-karnawalowy\/#primaryimage"},"image":{"@id":"https:\/\/filharmonia.rzeszow.pl\/en\/produkt\/boom-walc-czardasz-a-moze-koncert-karnawalowy\/#primaryimage"},"thumbnailUrl":"https:\/\/filharmonia.rzeszow.pl\/en\/wp-content\/uploads\/sites\/2\/2023\/07\/Tomasz-Tokarczyk.-Fot.-Dariusz-Pawelec-scaled.jpg","datePublished":"2023-07-31T11:44:57+00:00","dateModified":"2024-01-16T13:38:52+00:00","breadcrumb":{"@id":"https:\/\/filharmonia.rzeszow.pl\/en\/produkt\/boom-walc-czardasz-a-moze-koncert-karnawalowy\/#breadcrumb"},"inLanguage":"en-US","potentialAction":[{"@type":"ReadAction","target":["https:\/\/filharmonia.rzeszow.pl\/en\/produkt\/boom-walc-czardasz-a-moze-koncert-karnawalowy\/"]}]},{"@type":"ImageObject","inLanguage":"en-US","@id":"https:\/\/filharmonia.rzeszow.pl\/en\/produkt\/boom-walc-czardasz-a-moze-koncert-karnawalowy\/#primaryimage","url":"https:\/\/filharmonia.rzeszow.pl\/en\/wp-content\/uploads\/sites\/2\/2023\/07\/Tomasz-Tokarczyk.-Fot.-Dariusz-Pawelec-scaled.jpg","contentUrl":"https:\/\/filharmonia.rzeszow.pl\/en\/wp-content\/uploads\/sites\/2\/2023\/07\/Tomasz-Tokarczyk.-Fot.-Dariusz-Pawelec-scaled.jpg","width":2560,"height":1668,"caption":"Tomasz Tokarczyk dyrygent"},{"@type":"BreadcrumbList","@id":"https:\/\/filharmonia.rzeszow.pl\/en\/produkt\/boom-walc-czardasz-a-moze-koncert-karnawalowy\/#breadcrumb","itemListElement":[{"@type":"ListItem","position":1,"name":"Strona g\u0142\u00f3wna","item":"https:\/\/filharmonia.rzeszow.pl\/en\/"},{"@type":"ListItem","position":2,"name":"Sklep","item":"https:\/\/filharmonia.rzeszow.pl\/en\/sklep\/"},{"@type":"ListItem","position":3,"name":"Walc? Czardasz?&#8230;a mo\u017ce..? &#8211; koncert karnawa\u0142owy"}]},{"@type":"WebSite","@id":"https:\/\/filharmonia.rzeszow.pl\/en\/#website","url":"https:\/\/filharmonia.rzeszow.pl\/en\/","name":"Filharmonia Podkarpacka - English","description":"Kolejna witryna sieci &#8222;Filharmonia Podkarpacka &#8221;","publisher":{"@id":"https:\/\/filharmonia.rzeszow.pl\/en\/#organization"},"potentialAction":[{"@type":"SearchAction","target":{"@type":"EntryPoint","urlTemplate":"https:\/\/filharmonia.rzeszow.pl\/en\/?s={search_term_string}"},"query-input":{"@type":"PropertyValueSpecification","valueRequired":true,"valueName":"search_term_string"}}],"inLanguage":"en-US"},{"@type":"Organization","@id":"https:\/\/filharmonia.rzeszow.pl\/en\/#organization","name":"Filharmonia Podkarpacka - English","url":"https:\/\/filharmonia.rzeszow.pl\/en\/","logo":{"@type":"ImageObject","inLanguage":"en-US","@id":"https:\/\/filharmonia.rzeszow.pl\/en\/#\/schema\/logo\/image\/","url":"https:\/\/filharmonia.rzeszow.pl\/en\/wp-content\/uploads\/sites\/2\/2022\/02\/Obszar-roboczy-2@3x.png","contentUrl":"https:\/\/filharmonia.rzeszow.pl\/en\/wp-content\/uploads\/sites\/2\/2022\/02\/Obszar-roboczy-2@3x.png","width":2721,"height":1527,"caption":"Filharmonia Podkarpacka - English"},"image":{"@id":"https:\/\/filharmonia.rzeszow.pl\/en\/#\/schema\/logo\/image\/"}}]}},"publishpress_future_action":{"enabled":false,"date":"2026-05-07 18:13:35","action":"category","newStatus":"draft","terms":[],"taxonomy":"product_visibility","extraData":[]},"publishpress_future_workflow_manual_trigger":{"enabledWorkflows":[]},"_links":{"self":[{"href":"https:\/\/filharmonia.rzeszow.pl\/en\/wp-json\/wp\/v2\/product\/1610","targetHints":{"allow":["GET"]}}],"collection":[{"href":"https:\/\/filharmonia.rzeszow.pl\/en\/wp-json\/wp\/v2\/product"}],"about":[{"href":"https:\/\/filharmonia.rzeszow.pl\/en\/wp-json\/wp\/v2\/types\/product"}],"wp:featuredmedia":[{"embeddable":true,"href":"https:\/\/filharmonia.rzeszow.pl\/en\/wp-json\/wp\/v2\/media\/1604"}],"wp:attachment":[{"href":"https:\/\/filharmonia.rzeszow.pl\/en\/wp-json\/wp\/v2\/media?parent=1610"}],"wp:term":[{"taxonomy":"product_brand","embeddable":true,"href":"https:\/\/filharmonia.rzeszow.pl\/en\/wp-json\/wp\/v2\/product_brand?post=1610"},{"taxonomy":"product_cat","embeddable":true,"href":"https:\/\/filharmonia.rzeszow.pl\/en\/wp-json\/wp\/v2\/product_cat?post=1610"},{"taxonomy":"product_tag","embeddable":true,"href":"https:\/\/filharmonia.rzeszow.pl\/en\/wp-json\/wp\/v2\/product_tag?post=1610"}],"curies":[{"name":"wp","href":"https:\/\/api.w.org\/{rel}","templated":true}]}}